{"id":14188,"date":"2022-02-16T14:58:16","date_gmt":"2022-02-16T13:58:16","guid":{"rendered":"https:\/\/www.bergsgard.se\/stuga\/fishermans-house\/"},"modified":"2025-06-10T12:57:56","modified_gmt":"2025-06-10T10:57:56","slug":"fishermans-house","status":"publish","type":"stuga","link":"https:\/\/www.bergsgard.se\/en\/house\/fishermans-house\/","title":{"rendered":"Fisherman&#8217;s House"},"content":{"rendered":"","protected":false},"featured_media":11244,"parent":0,"template":"","kategori":[39],"class_list":["post-14188","stuga","type-stuga","status-publish","has-post-thumbnail","hentry","kategori-hallsvikens-gard-en"],"meta_box":{"text_column":"<p>The fisherman's house is located on H\u00e5llsvikens G\u00e5rd, close to the sea with access to the beach. About 5 min drive from Bergs G\u00e5rd and about 2 km walking\/MTB cycling through the forest. For this house you can book a wood-fired sea sauna and kayaks that are available on the shared beach.<\/p>\n<p>The Fisherman's House was completely renovated inside in 2021. The house has 12 beds divided into three bedrooms. Four beds in bunk beds in 2 of the rooms, the third room has a bunk bed and 2 single beds that can be pushed together into a double bed. Two bathrooms with shower and toilet and a laundry room. It features a fully equipped kitchen with 12 seats. Living room area with sofas. Exit to the terrace with outdoor furniture and barbecue. In this house you can bring your dog for an extra cleaning fee.<\/p>\n<p><a href=\"https:\/\/www.bergsgard.se\/boka-stuga\/\">Here you can book the cottage.<\/a><\/p>\n<p><a href=\"https:\/\/www.bergsgard.se\/wp-content\/uploads\/2025\/03\/utrustning-Fiskarens-Hus.pdf\" target=\"_blank\" rel=\"noopener\">Equipment Fiskarens Hus<\/a><\/p>\n<p>\u00a0<\/p>\n","address":"H\u00e5llsviken G\u00e5rd, 619 95 V\u00e4sterljung","toppbild":{"width":150,"height":150,"file":"2022\/02\/hallsvikensgardwide1-1.jpg","filesize":543476,"sizes":{"medium":{"file":"hallsvikensgardwide1-1-300x100.jpg","width":300,"height":100,"mime-type":"image\/jpeg","filesize":6895,"url":"https:\/\/www.bergsgard.se\/wp-content\/uploads\/2022\/02\/hallsvikensgardwide1-1-300x100.jpg"},"large":{"file":"hallsvikensgardwide1-1-1024x342.jpg","width":1024,"height":342,"mime-type":"image\/jpeg","filesize":69294,"url":"https:\/\/www.bergsgard.se\/wp-content\/uploads\/2022\/02\/hallsvikensgardwide1-1-1024x342.jpg"},"thumbnail":{"file":"hallsvikensgardwide1-1-150x150.jpg","width":150,"height":150,"mime-type":"image\/jpeg","filesize":5478,"url":"https:\/\/www.bergsgard.se\/wp-content\/uploads\/2022\/02\/hallsvikensgardwide1-1-150x150.jpg"},"medium_large":{"file":"hallsvikensgardwide1-1-768x257.jpg","width":768,"height":257,"mime-type":"image\/jpeg","filesize":39264,"url":"https:\/\/www.bergsgard.se\/wp-content\/uploads\/2022\/02\/hallsvikensgardwide1-1-768x257.jpg"},"1536x1536":{"file":"hallsvikensgardwide1-1-1536x513.jpg","width":1536,"height":513,"mime-type":"image\/jpeg","filesize":157159,"url":"https:\/\/www.bergsgard.se\/wp-content\/uploads\/2022\/02\/hallsvikensgardwide1-1-1536x513.jpg"},"2048x2048":{"file":"hallsvikensgardwide1-1-2048x684.jpg","width":2048,"height":684,"mime-type":"image\/jpeg","filesize":276100,"url":"https:\/\/www.bergsgard.se\/wp-content\/uploads\/2022\/02\/hallsvikensgardwide1-1-2048x684.jpg"}},"image_meta":{"aperture":"0","credit":"","camera":"","caption":"","created_timestamp":"0","copyright":"","focal_length":"0","iso":"0","shutter_speed":"0","title":"","orientation":"0","keywords":[]},"ID":"14805","name":"hallsvikensgardwide1-1.jpg","path":"\/home\/bergsgard\/public_html\/wp-content\/uploads\/2022\/02\/hallsvikensgardwide1-1.jpg","url":"https:\/\/www.bergsgard.se\/wp-content\/uploads\/2022\/02\/hallsvikensgardwide1-1-150x150.jpg","full_url":"https:\/\/www.bergsgard.se\/wp-content\/uploads\/2022\/02\/hallsvikensgardwide1-1.jpg","title":"hallsvikensgardwide1","caption":"","description":"","alt":"H\u00e5llsvikens g\u00e5rd","srcset":false},"gallery":[{"width":150,"height":150,"file":"2022\/02\/jarefalkphotography_bergsgard_23_207.jpg","filesize":488479,"sizes":{"medium":{"file":"jarefalkphotography_bergsgard_23_207-300x200.jpg","width":300,"height":200,"mime-type":"image\/jpeg","filesize":15305,"url":"https:\/\/www.bergsgard.se\/wp-content\/uploads\/2022\/02\/jarefalkphotography_bergsgard_23_207-300x200.jpg"},"large":{"file":"jarefalkphotography_bergsgard_23_207-1024x683.jpg","width":1024,"height":683,"mime-type":"image\/jpeg","filesize":121705,"url":"https:\/\/www.bergsgard.se\/wp-content\/uploads\/2022\/02\/jarefalkphotography_bergsgard_23_207-1024x683.jpg"},"thumbnail":{"file":"jarefalkphotography_bergsgard_23_207-150x150.jpg","width":150,"height":150,"mime-type":"image\/jpeg","filesize":7008,"url":"https:\/\/www.bergsgard.se\/wp-content\/uploads\/2022\/02\/jarefalkphotography_bergsgard_23_207-150x150.jpg"},"medium_large":{"file":"jarefalkphotography_bergsgard_23_207-768x512.jpg","width":768,"height":512,"mime-type":"image\/jpeg","filesize":72814,"url":"https:\/\/www.bergsgard.se\/wp-content\/uploads\/2022\/02\/jarefalkphotography_bergsgard_23_207-768x512.jpg"},"1536x1536":{"file":"jarefalkphotography_bergsgard_23_207-1536x1024.jpg","width":1536,"height":1024,"mime-type":"image\/jpeg","filesize":234345,"url":"https:\/\/www.bergsgard.se\/wp-content\/uploads\/2022\/02\/jarefalkphotography_bergsgard_23_207-1536x1024.jpg"}},"image_meta":{"aperture":"11","credit":"Maria Hofmann Jarefalk","camera":"Canon EOS 5D Mark IV","caption":"Maria Hofman Jarefalk Jarefalkphotography\r2023 Trosa Inredningsfotograf Inredningsfoto Husfoto Fotograf Bergs G\u00e5rd Trosa S\u00f6dermanland Stugor \u00d6vernattning Turism S\u00f6rmlandsleden","created_timestamp":"1678981390","copyright":"F\u00e5r anv\u00e4ndas av Bergs G\u00e5rd till hemsida och sociala medier enligt \u00f6verenskommelse","focal_length":"35","iso":"100","shutter_speed":"0.25","title":"Maria Jarefalk Jarefalkphotography","orientation":"1","keywords":["Maria Hofman Jarefalk Jarefalkphotography","2023 Trosa Inredningsfotograf Inredningsfoto Husfoto Fotograf Be"]},"ID":"15781","name":"jarefalkphotography_bergsgard_23_207.jpg","path":"\/home\/bergsgard\/public_html\/wp-content\/uploads\/2022\/02\/jarefalkphotography_bergsgard_23_207.jpg","url":"https:\/\/www.bergsgard.se\/wp-content\/uploads\/2022\/02\/jarefalkphotography_bergsgard_23_207-150x150.jpg","full_url":"https:\/\/www.bergsgard.se\/wp-content\/uploads\/2022\/02\/jarefalkphotography_bergsgard_23_207.jpg","title":"Maria Jarefalk Jarefalkphotography","caption":"Maria Hofman Jarefalk Jarefalkphotography\n2023 Trosa Inredningsfotograf Inredningsfoto Husfoto Fotograf Bergs G\u00e5rd Trosa S\u00f6dermanland Stugor \u00d6vernattning Turism S\u00f6rmlandsleden","description":"","alt":"","srcset":false},{"width":150,"height":150,"file":"2022\/02\/jarefalkphotorgaphy_bergsga\u030ard_23_185.jpg","filesize":369397,"sizes":{"medium":{"file":"jarefalkphotorgaphy_bergsga\u030ard_23_185-300x200.jpg","width":300,"height":200,"mime-type":"image\/jpeg","filesize":49274,"url":"https:\/\/www.bergsgard.se\/wp-content\/uploads\/2022\/02\/jarefalkphotorgaphy_bergsga\u030ard_23_185-300x200.jpg"},"large":{"file":"jarefalkphotorgaphy_bergsga\u030ard_23_185-1024x683.jpg","width":1024,"height":683,"mime-type":"image\/jpeg","filesize":140511,"url":"https:\/\/www.bergsgard.se\/wp-content\/uploads\/2022\/02\/jarefalkphotorgaphy_bergsga\u030ard_23_185-1024x683.jpg"},"thumbnail":{"file":"jarefalkphotorgaphy_bergsga\u030ard_23_185-150x150.jpg","width":150,"height":150,"mime-type":"image\/jpeg","filesize":40765,"url":"https:\/\/www.bergsgard.se\/wp-content\/uploads\/2022\/02\/jarefalkphotorgaphy_bergsga\u030ard_23_185-150x150.jpg"},"medium_large":{"file":"jarefalkphotorgaphy_bergsga\u030ard_23_185-768x512.jpg","width":768,"height":512,"mime-type":"image\/jpeg","filesize":101027,"url":"https:\/\/www.bergsgard.se\/wp-content\/uploads\/2022\/02\/jarefalkphotorgaphy_bergsga\u030ard_23_185-768x512.jpg"},"1536x1536":{"file":"jarefalkphotorgaphy_bergsga\u030ard_23_185-1536x1024.jpg","width":1536,"height":1024,"mime-type":"image\/jpeg","filesize":236571,"url":"https:\/\/www.bergsgard.se\/wp-content\/uploads\/2022\/02\/jarefalkphotorgaphy_bergsga\u030ard_23_185-1536x1024.jpg"}},"image_meta":{"aperture":"11","credit":"Maria Hofmann Jarefalk","camera":"Canon EOS 5D Mark IV","caption":"Maria Hofman Jarefalk Jarefalkphotography\r2023 Trosa Inredningsfotograf Inredningsfoto Husfoto Fotograf Bergs G\u00e5rd Trosa S\u00f6dermanland Stugor \u00d6vernattning Turism S\u00f6rmlandsleden","created_timestamp":"1680180482","copyright":"F\u00e5r anv\u00e4ndas av Bergs G\u00e5rd till hemsida och sociala medier enligt \u00f6verenskommelse","focal_length":"35","iso":"100","shutter_speed":"0.4","title":"Maria Jarefalk Jarefalkphotography","orientation":"1","keywords":["Maria Hofman Jarefalk Jarefalkphotography","2023 Trosa Inredningsfotograf Inredningsfoto Husfoto Fotograf Be"]},"ID":"5877","name":"jarefalkphotorgaphy_bergsga\u030ard_23_185.jpg","path":"\/home\/bergsgard\/public_html\/wp-content\/uploads\/2022\/02\/jarefalkphotorgaphy_bergsga\u030ard_23_185.jpg","url":"https:\/\/www.bergsgard.se\/wp-content\/uploads\/2022\/02\/jarefalkphotorgaphy_bergsga\u030ard_23_185-150x150.jpg","full_url":"https:\/\/www.bergsgard.se\/wp-content\/uploads\/2022\/02\/jarefalkphotorgaphy_bergsga\u030ard_23_185.jpg","title":"Maria Jarefalk Jarefalkphotography","caption":"Maria Hofman Jarefalk Jarefalkphotography\r2023 Trosa Inredningsfotograf Inredningsfoto Husfoto Fotograf Bergs G\u00e5rd Trosa S\u00f6dermanland Stugor \u00d6vernattning Turism S\u00f6rmlandsleden","description":"","alt":"","srcset":false},{"width":150,"height":150,"file":"2022\/02\/jarefalkphotorgaphy_bergsga\u030ard_23_194.jpg","filesize":353530,"sizes":{"medium":{"file":"jarefalkphotorgaphy_bergsga\u030ard_23_194-300x200.jpg","width":300,"height":200,"mime-type":"image\/jpeg","filesize":45827,"url":"https:\/\/www.bergsgard.se\/wp-content\/uploads\/2022\/02\/jarefalkphotorgaphy_bergsga\u030ard_23_194-300x200.jpg"},"large":{"file":"jarefalkphotorgaphy_bergsga\u030ard_23_194-1024x683.jpg","width":1024,"height":683,"mime-type":"image\/jpeg","filesize":128418,"url":"https:\/\/www.bergsgard.se\/wp-content\/uploads\/2022\/02\/jarefalkphotorgaphy_bergsga\u030ard_23_194-1024x683.jpg"},"thumbnail":{"file":"jarefalkphotorgaphy_bergsga\u030ard_23_194-150x150.jpg","width":150,"height":150,"mime-type":"image\/jpeg","filesize":38748,"url":"https:\/\/www.bergsgard.se\/wp-content\/uploads\/2022\/02\/jarefalkphotorgaphy_bergsga\u030ard_23_194-150x150.jpg"},"medium_large":{"file":"jarefalkphotorgaphy_bergsga\u030ard_23_194-768x512.jpg","width":768,"height":512,"mime-type":"image\/jpeg","filesize":91884,"url":"https:\/\/www.bergsgard.se\/wp-content\/uploads\/2022\/02\/jarefalkphotorgaphy_bergsga\u030ard_23_194-768x512.jpg"},"1536x1536":{"file":"jarefalkphotorgaphy_bergsga\u030ard_23_194-1536x1024.jpg","width":1536,"height":1024,"mime-type":"image\/jpeg","filesize":221040,"url":"https:\/\/www.bergsgard.se\/wp-content\/uploads\/2022\/02\/jarefalkphotorgaphy_bergsga\u030ard_23_194-1536x1024.jpg"}},"image_meta":{"aperture":"11","credit":"Maria Hofmann Jarefalk","camera":"Canon EOS 5D Mark IV","caption":"Maria Hofman Jarefalk Jarefalkphotography\r2023 Trosa Inredningsfotograf Inredningsfoto Husfoto Fotograf Bergs G\u00e5rd Trosa S\u00f6dermanland Stugor \u00d6vernattning Turism S\u00f6rmlandsleden","created_timestamp":"1680181523","copyright":"F\u00e5r anv\u00e4ndas av Bergs G\u00e5rd till hemsida och sociala medier enligt \u00f6verenskommelse","focal_length":"35","iso":"100","shutter_speed":"1","title":"Maria Jarefalk Jarefalkphotography","orientation":"1","keywords":["Maria Hofman Jarefalk Jarefalkphotography","2023 Trosa Inredningsfotograf Inredningsfoto Husfoto Fotograf Be"]},"ID":"5882","name":"jarefalkphotorgaphy_bergsga\u030ard_23_194.jpg","path":"\/home\/bergsgard\/public_html\/wp-content\/uploads\/2022\/02\/jarefalkphotorgaphy_bergsga\u030ard_23_194.jpg","url":"https:\/\/www.bergsgard.se\/wp-content\/uploads\/2022\/02\/jarefalkphotorgaphy_bergsga\u030ard_23_194-150x150.jpg","full_url":"https:\/\/www.bergsgard.se\/wp-content\/uploads\/2022\/02\/jarefalkphotorgaphy_bergsga\u030ard_23_194.jpg","title":"Maria Jarefalk Jarefalkphotography","caption":"Maria Hofman Jarefalk Jarefalkphotography\n2023 Trosa Inredningsfotograf Inredningsfoto Husfoto Fotograf Bergs G\u00e5rd Trosa S\u00f6dermanland Stugor \u00d6vernattning Turism S\u00f6rmlandsleden","description":"","alt":"Fiskarens hus p\u00e5 H\u00e5llsvikens G\u00e5rd","srcset":false},{"width":150,"height":150,"file":"2022\/02\/jarefalkphotorgaphy_bergsga\u030ard_23_187.jpg","filesize":253447,"sizes":{"medium":{"file":"jarefalkphotorgaphy_bergsga\u030ard_23_187-300x200.jpg","width":300,"height":200,"mime-type":"image\/jpeg","filesize":43532,"url":"https:\/\/www.bergsgard.se\/wp-content\/uploads\/2022\/02\/jarefalkphotorgaphy_bergsga\u030ard_23_187-300x200.jpg"},"large":{"file":"jarefalkphotorgaphy_bergsga\u030ard_23_187-1024x683.jpg","width":1024,"height":683,"mime-type":"image\/jpeg","filesize":105440,"url":"https:\/\/www.bergsgard.se\/wp-content\/uploads\/2022\/02\/jarefalkphotorgaphy_bergsga\u030ard_23_187-1024x683.jpg"},"thumbnail":{"file":"jarefalkphotorgaphy_bergsga\u030ard_23_187-150x150.jpg","width":150,"height":150,"mime-type":"image\/jpeg","filesize":37137,"url":"https:\/\/www.bergsgard.se\/wp-content\/uploads\/2022\/02\/jarefalkphotorgaphy_bergsga\u030ard_23_187-150x150.jpg"},"medium_large":{"file":"jarefalkphotorgaphy_bergsga\u030ard_23_187-768x512.jpg","width":768,"height":512,"mime-type":"image\/jpeg","filesize":79226,"url":"https:\/\/www.bergsgard.se\/wp-content\/uploads\/2022\/02\/jarefalkphotorgaphy_bergsga\u030ard_23_187-768x512.jpg"},"1536x1536":{"file":"jarefalkphotorgaphy_bergsga\u030ard_23_187-1536x1024.jpg","width":1536,"height":1024,"mime-type":"image\/jpeg","filesize":170693,"url":"https:\/\/www.bergsgard.se\/wp-content\/uploads\/2022\/02\/jarefalkphotorgaphy_bergsga\u030ard_23_187-1536x1024.jpg"}},"image_meta":{"aperture":"11","credit":"Maria Hofmann Jarefalk","camera":"Canon EOS 5D Mark IV","caption":"Maria Hofman Jarefalk Jarefalkphotography\r2023 Trosa Inredningsfotograf Inredningsfoto Husfoto Fotograf Bergs G\u00e5rd Trosa S\u00f6dermanland Stugor \u00d6vernattning Turism S\u00f6rmlandsleden","created_timestamp":"1680180631","copyright":"F\u00e5r anv\u00e4ndas av Bergs G\u00e5rd till hemsida och sociala medier enligt \u00f6verenskommelse","focal_length":"35","iso":"100","shutter_speed":"0.3","title":"Maria Jarefalk Jarefalkphotography","orientation":"1","keywords":["Maria Hofman Jarefalk Jarefalkphotography","2023 Trosa Inredningsfotograf Inredningsfoto Husfoto Fotograf Be"]},"ID":"5878","name":"jarefalkphotorgaphy_bergsga\u030ard_23_187.jpg","path":"\/home\/bergsgard\/public_html\/wp-content\/uploads\/2022\/02\/jarefalkphotorgaphy_bergsga\u030ard_23_187.jpg","url":"https:\/\/www.bergsgard.se\/wp-content\/uploads\/2022\/02\/jarefalkphotorgaphy_bergsga\u030ard_23_187-150x150.jpg","full_url":"https:\/\/www.bergsgard.se\/wp-content\/uploads\/2022\/02\/jarefalkphotorgaphy_bergsga\u030ard_23_187.jpg","title":"Maria Jarefalk Jarefalkphotography","caption":"Maria Hofman Jarefalk Jarefalkphotography\r2023 Trosa Inredningsfotograf Inredningsfoto Husfoto Fotograf Bergs G\u00e5rd Trosa S\u00f6dermanland Stugor \u00d6vernattning Turism S\u00f6rmlandsleden","description":"","alt":"","srcset":false},{"width":150,"height":150,"file":"2022\/02\/jarefalkphotorgaphy_bergsga\u030ard_23_189.jpg","filesize":302515,"sizes":{"medium":{"file":"jarefalkphotorgaphy_bergsga\u030ard_23_189-300x200.jpg","width":300,"height":200,"mime-type":"image\/jpeg","filesize":43834,"url":"https:\/\/www.bergsgard.se\/wp-content\/uploads\/2022\/02\/jarefalkphotorgaphy_bergsga\u030ard_23_189-300x200.jpg"},"large":{"file":"jarefalkphotorgaphy_bergsga\u030ard_23_189-1024x683.jpg","width":1024,"height":683,"mime-type":"image\/jpeg","filesize":116150,"url":"https:\/\/www.bergsgard.se\/wp-content\/uploads\/2022\/02\/jarefalkphotorgaphy_bergsga\u030ard_23_189-1024x683.jpg"},"thumbnail":{"file":"jarefalkphotorgaphy_bergsga\u030ard_23_189-150x150.jpg","width":150,"height":150,"mime-type":"image\/jpeg","filesize":37701,"url":"https:\/\/www.bergsgard.se\/wp-content\/uploads\/2022\/02\/jarefalkphotorgaphy_bergsga\u030ard_23_189-150x150.jpg"},"medium_large":{"file":"jarefalkphotorgaphy_bergsga\u030ard_23_189-768x512.jpg","width":768,"height":512,"mime-type":"image\/jpeg","filesize":83973,"url":"https:\/\/www.bergsgard.se\/wp-content\/uploads\/2022\/02\/jarefalkphotorgaphy_bergsga\u030ard_23_189-768x512.jpg"},"1536x1536":{"file":"jarefalkphotorgaphy_bergsga\u030ard_23_189-1536x1024.jpg","width":1536,"height":1024,"mime-type":"image\/jpeg","filesize":194196,"url":"https:\/\/www.bergsgard.se\/wp-content\/uploads\/2022\/02\/jarefalkphotorgaphy_bergsga\u030ard_23_189-1536x1024.jpg"}},"image_meta":{"aperture":"2.8","credit":"Maria Hofmann Jarefalk","camera":"Canon EOS 5D Mark IV","caption":"Maria Hofman Jarefalk Jarefalkphotography\r2023 Trosa Inredningsfotograf Inredningsfoto Husfoto Fotograf Bergs G\u00e5rd Trosa S\u00f6dermanland Stugor \u00d6vernattning Turism S\u00f6rmlandsleden","created_timestamp":"1680180700","copyright":"F\u00e5r anv\u00e4ndas av Bergs G\u00e5rd till hemsida och sociala medier enligt \u00f6verenskommelse","focal_length":"35","iso":"250","shutter_speed":"0.033333333333333","title":"Maria Jarefalk Jarefalkphotography","orientation":"1","keywords":["Maria Hofman Jarefalk Jarefalkphotography","2023 Trosa Inredningsfotograf Inredningsfoto Husfoto Fotograf Be"]},"ID":"5879","name":"jarefalkphotorgaphy_bergsga\u030ard_23_189.jpg","path":"\/home\/bergsgard\/public_html\/wp-content\/uploads\/2022\/02\/jarefalkphotorgaphy_bergsga\u030ard_23_189.jpg","url":"https:\/\/www.bergsgard.se\/wp-content\/uploads\/2022\/02\/jarefalkphotorgaphy_bergsga\u030ard_23_189-150x150.jpg","full_url":"https:\/\/www.bergsgard.se\/wp-content\/uploads\/2022\/02\/jarefalkphotorgaphy_bergsga\u030ard_23_189.jpg","title":"Maria Jarefalk Jarefalkphotography","caption":"Maria Hofman Jarefalk Jarefalkphotography\r2023 Trosa Inredningsfotograf Inredningsfoto Husfoto Fotograf Bergs G\u00e5rd Trosa S\u00f6dermanland Stugor \u00d6vernattning Turism S\u00f6rmlandsleden","description":"","alt":"","srcset":false},{"width":150,"height":150,"file":"2022\/02\/jarefalkphotorgaphy_bergsga\u030ard_23_191-scaled.jpg","filesize":292433,"sizes":{"medium":{"file":"jarefalkphotorgaphy_bergsga\u030ard_23_191-200x300.jpg","width":200,"height":300,"mime-type":"image\/jpeg","filesize":37754,"url":"https:\/\/www.bergsgard.se\/wp-content\/uploads\/2022\/02\/jarefalkphotorgaphy_bergsga\u030ard_23_191-200x300.jpg"},"large":{"file":"jarefalkphotorgaphy_bergsga\u030ard_23_191-683x1024.jpg","width":683,"height":1024,"mime-type":"image\/jpeg","filesize":90715,"url":"https:\/\/www.bergsgard.se\/wp-content\/uploads\/2022\/02\/jarefalkphotorgaphy_bergsga\u030ard_23_191-683x1024.jpg"},"thumbnail":{"file":"jarefalkphotorgaphy_bergsga\u030ard_23_191-150x150.jpg","width":150,"height":150,"mime-type":"image\/jpeg","filesize":33375,"url":"https:\/\/www.bergsgard.se\/wp-content\/uploads\/2022\/02\/jarefalkphotorgaphy_bergsga\u030ard_23_191-150x150.jpg"},"medium_large":{"file":"jarefalkphotorgaphy_bergsga\u030ard_23_191-768x1152.jpg","width":768,"height":1152,"mime-type":"image\/jpeg","filesize":102478,"url":"https:\/\/www.bergsgard.se\/wp-content\/uploads\/2022\/02\/jarefalkphotorgaphy_bergsga\u030ard_23_191-768x1152.jpg"},"1536x1536":{"file":"jarefalkphotorgaphy_bergsga\u030ard_23_191-1024x1536.jpg","width":1024,"height":1536,"mime-type":"image\/jpeg","filesize":145443,"url":"https:\/\/www.bergsgard.se\/wp-content\/uploads\/2022\/02\/jarefalkphotorgaphy_bergsga\u030ard_23_191-1024x1536.jpg"},"2048x2048":{"file":"jarefalkphotorgaphy_bergsga\u030ard_23_191-1365x2048.jpg","width":1365,"height":2048,"mime-type":"image\/jpeg","filesize":216056,"url":"https:\/\/www.bergsgard.se\/wp-content\/uploads\/2022\/02\/jarefalkphotorgaphy_bergsga\u030ard_23_191-1365x2048.jpg"}},"image_meta":{"aperture":"2.8","credit":"Maria Hofmann Jarefalk","camera":"Canon EOS 5D Mark IV","caption":"Maria Hofman Jarefalk Jarefalkphotography\r2023 Trosa Inredningsfotograf Inredningsfoto Husfoto Fotograf Bergs G\u00e5rd Trosa S\u00f6dermanland Stugor \u00d6vernattning Turism S\u00f6rmlandsleden","created_timestamp":"1680181074","copyright":"F\u00e5r anv\u00e4ndas av Bergs G\u00e5rd till hemsida och sociala medier enligt \u00f6verenskommelse","focal_length":"35","iso":"100","shutter_speed":"0.033333333333333","title":"Maria Jarefalk Jarefalkphotography","orientation":"1","keywords":["Maria Hofman Jarefalk Jarefalkphotography","2023 Trosa Inredningsfotograf Inredningsfoto Husfoto Fotograf Be"]},"original_image":"jarefalkphotorgaphy_bergsga\u030ard_23_191.jpg","ID":"5880","name":"jarefalkphotorgaphy_bergsga\u030ard_23_191-scaled.jpg","path":"\/home\/bergsgard\/public_html\/wp-content\/uploads\/2022\/02\/jarefalkphotorgaphy_bergsga\u030ard_23_191-scaled.jpg","url":"https:\/\/www.bergsgard.se\/wp-content\/uploads\/2022\/02\/jarefalkphotorgaphy_bergsga\u030ard_23_191-150x150.jpg","full_url":"https:\/\/www.bergsgard.se\/wp-content\/uploads\/2022\/02\/jarefalkphotorgaphy_bergsga\u030ard_23_191-scaled.jpg","title":"Maria Jarefalk Jarefalkphotography","caption":"Maria Hofman Jarefalk Jarefalkphotography\r2023 Trosa Inredningsfotograf Inredningsfoto Husfoto Fotograf Bergs G\u00e5rd Trosa S\u00f6dermanland Stugor \u00d6vernattning Turism S\u00f6rmlandsleden","description":"","alt":"","srcset":false},{"width":150,"height":150,"file":"2022\/02\/jarefalkphotorgaphy_bergsga\u030ard_23_192-scaled.jpg","filesize":354915,"sizes":{"medium":{"file":"jarefalkphotorgaphy_bergsga\u030ard_23_192-200x300.jpg","width":200,"height":300,"mime-type":"image\/jpeg","filesize":43455,"url":"https:\/\/www.bergsgard.se\/wp-content\/uploads\/2022\/02\/jarefalkphotorgaphy_bergsga\u030ard_23_192-200x300.jpg"},"large":{"file":"jarefalkphotorgaphy_bergsga\u030ard_23_192-683x1024.jpg","width":683,"height":1024,"mime-type":"image\/jpeg","filesize":110625,"url":"https:\/\/www.bergsgard.se\/wp-content\/uploads\/2022\/02\/jarefalkphotorgaphy_bergsga\u030ard_23_192-683x1024.jpg"},"thumbnail":{"file":"jarefalkphotorgaphy_bergsga\u030ard_23_192-150x150.jpg","width":150,"height":150,"mime-type":"image\/jpeg","filesize":37631,"url":"https:\/\/www.bergsgard.se\/wp-content\/uploads\/2022\/02\/jarefalkphotorgaphy_bergsga\u030ard_23_192-150x150.jpg"},"medium_large":{"file":"jarefalkphotorgaphy_bergsga\u030ard_23_192-768x1152.jpg","width":768,"height":1152,"mime-type":"image\/jpeg","filesize":125153,"url":"https:\/\/www.bergsgard.se\/wp-content\/uploads\/2022\/02\/jarefalkphotorgaphy_bergsga\u030ard_23_192-768x1152.jpg"},"1536x1536":{"file":"jarefalkphotorgaphy_bergsga\u030ard_23_192-1024x1536.jpg","width":1024,"height":1536,"mime-type":"image\/jpeg","filesize":177912,"url":"https:\/\/www.bergsgard.se\/wp-content\/uploads\/2022\/02\/jarefalkphotorgaphy_bergsga\u030ard_23_192-1024x1536.jpg"},"2048x2048":{"file":"jarefalkphotorgaphy_bergsga\u030ard_23_192-1365x2048.jpg","width":1365,"height":2048,"mime-type":"image\/jpeg","filesize":261860,"url":"https:\/\/www.bergsgard.se\/wp-content\/uploads\/2022\/02\/jarefalkphotorgaphy_bergsga\u030ard_23_192-1365x2048.jpg"}},"image_meta":{"aperture":"4","credit":"Maria Hofmann Jarefalk","camera":"Canon EOS 5D Mark IV","caption":"Maria Hofman Jarefalk Jarefalkphotography\r2023 Trosa Inredningsfotograf Inredningsfoto Husfoto Fotograf Bergs G\u00e5rd Trosa S\u00f6dermanland Stugor \u00d6vernattning Turism S\u00f6rmlandsleden","created_timestamp":"1680181105","copyright":"F\u00e5r anv\u00e4ndas av Bergs G\u00e5rd till hemsida och sociala medier enligt \u00f6verenskommelse","focal_length":"35","iso":"100","shutter_speed":"0.016666666666667","title":"Maria Jarefalk Jarefalkphotography","orientation":"1","keywords":["Maria Hofman Jarefalk Jarefalkphotography","2023 Trosa Inredningsfotograf Inredningsfoto Husfoto Fotograf Be"]},"original_image":"jarefalkphotorgaphy_bergsga\u030ard_23_192.jpg","ID":"5881","name":"jarefalkphotorgaphy_bergsga\u030ard_23_192-scaled.jpg","path":"\/home\/bergsgard\/public_html\/wp-content\/uploads\/2022\/02\/jarefalkphotorgaphy_bergsga\u030ard_23_192-scaled.jpg","url":"https:\/\/www.bergsgard.se\/wp-content\/uploads\/2022\/02\/jarefalkphotorgaphy_bergsga\u030ard_23_192-150x150.jpg","full_url":"https:\/\/www.bergsgard.se\/wp-content\/uploads\/2022\/02\/jarefalkphotorgaphy_bergsga\u030ard_23_192-scaled.jpg","title":"Maria Jarefalk Jarefalkphotography","caption":"Maria Hofman Jarefalk Jarefalkphotography\r2023 Trosa Inredningsfotograf Inredningsfoto Husfoto Fotograf Bergs G\u00e5rd Trosa S\u00f6dermanland Stugor \u00d6vernattning Turism S\u00f6rmlandsleden","description":"","alt":"","srcset":false},{"width":150,"height":150,"file":"2022\/02\/jarefalkphotorgaphy_bergsga\u030ard_23_195.jpg","filesize":304883,"sizes":{"medium":{"file":"jarefalkphotorgaphy_bergsga\u030ard_23_195-300x200.jpg","width":300,"height":200,"mime-type":"image\/jpeg","filesize":48832,"url":"https:\/\/www.bergsgard.se\/wp-content\/uploads\/2022\/02\/jarefalkphotorgaphy_bergsga\u030ard_23_195-300x200.jpg"},"large":{"file":"jarefalkphotorgaphy_bergsga\u030ard_23_195-1024x683.jpg","width":1024,"height":683,"mime-type":"image\/jpeg","filesize":126598,"url":"https:\/\/www.bergsgard.se\/wp-content\/uploads\/2022\/02\/jarefalkphotorgaphy_bergsga\u030ard_23_195-1024x683.jpg"},"thumbnail":{"file":"jarefalkphotorgaphy_bergsga\u030ard_23_195-150x150.jpg","width":150,"height":150,"mime-type":"image\/jpeg","filesize":41611,"url":"https:\/\/www.bergsgard.se\/wp-content\/uploads\/2022\/02\/jarefalkphotorgaphy_bergsga\u030ard_23_195-150x150.jpg"},"medium_large":{"file":"jarefalkphotorgaphy_bergsga\u030ard_23_195-768x512.jpg","width":768,"height":512,"mime-type":"image\/jpeg","filesize":93304,"url":"https:\/\/www.bergsgard.se\/wp-content\/uploads\/2022\/02\/jarefalkphotorgaphy_bergsga\u030ard_23_195-768x512.jpg"},"1536x1536":{"file":"jarefalkphotorgaphy_bergsga\u030ard_23_195-1536x1024.jpg","width":1536,"height":1024,"mime-type":"image\/jpeg","filesize":204564,"url":"https:\/\/www.bergsgard.se\/wp-content\/uploads\/2022\/02\/jarefalkphotorgaphy_bergsga\u030ard_23_195-1536x1024.jpg"}},"image_meta":{"aperture":"3.2","credit":"Maria Hofmann Jarefalk","camera":"Canon EOS 5D Mark IV","caption":"Maria Hofman Jarefalk Jarefalkphotography\r2023 Trosa Inredningsfotograf Inredningsfoto Husfoto Fotograf Bergs G\u00e5rd Trosa S\u00f6dermanland Stugor \u00d6vernattning Turism S\u00f6rmlandsleden","created_timestamp":"1680181572","copyright":"F\u00e5r anv\u00e4ndas av Bergs G\u00e5rd till hemsida och sociala medier enligt \u00f6verenskommelse","focal_length":"50","iso":"200","shutter_speed":"0.025","title":"Maria Jarefalk Jarefalkphotography","orientation":"1","keywords":["Maria Hofman Jarefalk Jarefalkphotography","2023 Trosa Inredningsfotograf Inredningsfoto Husfoto Fotograf Be"]},"ID":"5883","name":"jarefalkphotorgaphy_bergsga\u030ard_23_195.jpg","path":"\/home\/bergsgard\/public_html\/wp-content\/uploads\/2022\/02\/jarefalkphotorgaphy_bergsga\u030ard_23_195.jpg","url":"https:\/\/www.bergsgard.se\/wp-content\/uploads\/2022\/02\/jarefalkphotorgaphy_bergsga\u030ard_23_195-150x150.jpg","full_url":"https:\/\/www.bergsgard.se\/wp-content\/uploads\/2022\/02\/jarefalkphotorgaphy_bergsga\u030ard_23_195.jpg","title":"Maria Jarefalk Jarefalkphotography","caption":"Maria Hofman Jarefalk Jarefalkphotography\n2023 Trosa Inredningsfotograf Inredningsfoto Husfoto Fotograf Bergs G\u00e5rd Trosa S\u00f6dermanland Stugor \u00d6vernattning Turism S\u00f6rmlandsleden","description":"","alt":"","srcset":false},{"width":150,"height":150,"file":"2022\/02\/jarefalkphotorgaphy_bergsga\u030ard_23_199.jpg","filesize":289824,"sizes":{"medium":{"file":"jarefalkphotorgaphy_bergsga\u030ard_23_199-300x200.jpg","width":300,"height":200,"mime-type":"image\/jpeg","filesize":40554,"url":"https:\/\/www.bergsgard.se\/wp-content\/uploads\/2022\/02\/jarefalkphotorgaphy_bergsga\u030ard_23_199-300x200.jpg"},"large":{"file":"jarefalkphotorgaphy_bergsga\u030ard_23_199-1024x683.jpg","width":1024,"height":683,"mime-type":"image\/jpeg","filesize":108159,"url":"https:\/\/www.bergsgard.se\/wp-content\/uploads\/2022\/02\/jarefalkphotorgaphy_bergsga\u030ard_23_199-1024x683.jpg"},"thumbnail":{"file":"jarefalkphotorgaphy_bergsga\u030ard_23_199-150x150.jpg","width":150,"height":150,"mime-type":"image\/jpeg","filesize":35335,"url":"https:\/\/www.bergsgard.se\/wp-content\/uploads\/2022\/02\/jarefalkphotorgaphy_bergsga\u030ard_23_199-150x150.jpg"},"medium_large":{"file":"jarefalkphotorgaphy_bergsga\u030ard_23_199-768x512.jpg","width":768,"height":512,"mime-type":"image\/jpeg","filesize":77870,"url":"https:\/\/www.bergsgard.se\/wp-content\/uploads\/2022\/02\/jarefalkphotorgaphy_bergsga\u030ard_23_199-768x512.jpg"},"1536x1536":{"file":"jarefalkphotorgaphy_bergsga\u030ard_23_199-1536x1024.jpg","width":1536,"height":1024,"mime-type":"image\/jpeg","filesize":184991,"url":"https:\/\/www.bergsgard.se\/wp-content\/uploads\/2022\/02\/jarefalkphotorgaphy_bergsga\u030ard_23_199-1536x1024.jpg"}},"image_meta":{"aperture":"2.8","credit":"Maria Hofmann Jarefalk","camera":"Canon EOS 5D Mark IV","caption":"Maria Hofman Jarefalk Jarefalkphotography\r2023 Trosa Inredningsfotograf Inredningsfoto Husfoto Fotograf Bergs G\u00e5rd Trosa S\u00f6dermanland Stugor \u00d6vernattning Turism S\u00f6rmlandsleden","created_timestamp":"1680181720","copyright":"F\u00e5r anv\u00e4ndas av Bergs G\u00e5rd till hemsida och sociala medier enligt \u00f6verenskommelse","focal_length":"50","iso":"320","shutter_speed":"0.025","title":"Maria Jarefalk Jarefalkphotography","orientation":"1","keywords":["Maria Hofman Jarefalk Jarefalkphotography","2023 Trosa Inredningsfotograf Inredningsfoto Husfoto Fotograf Be"]},"ID":"5884","name":"jarefalkphotorgaphy_bergsga\u030ard_23_199.jpg","path":"\/home\/bergsgard\/public_html\/wp-content\/uploads\/2022\/02\/jarefalkphotorgaphy_bergsga\u030ard_23_199.jpg","url":"https:\/\/www.bergsgard.se\/wp-content\/uploads\/2022\/02\/jarefalkphotorgaphy_bergsga\u030ard_23_199-150x150.jpg","full_url":"https:\/\/www.bergsgard.se\/wp-content\/uploads\/2022\/02\/jarefalkphotorgaphy_bergsga\u030ard_23_199.jpg","title":"Maria Jarefalk Jarefalkphotography","caption":"Maria Hofman Jarefalk Jarefalkphotography\r2023 Trosa Inredningsfotograf Inredningsfoto Husfoto Fotograf Bergs G\u00e5rd Trosa S\u00f6dermanland Stugor \u00d6vernattning Turism S\u00f6rmlandsleden","description":"","alt":"","srcset":false},{"width":150,"height":150,"file":"2022\/02\/jarefalkphotorgaphy_bergsga\u030ard_23_202.jpg","filesize":246909,"sizes":{"medium":{"file":"jarefalkphotorgaphy_bergsga\u030ard_23_202-300x200.jpg","width":300,"height":200,"mime-type":"image\/jpeg","filesize":38655,"url":"https:\/\/www.bergsgard.se\/wp-content\/uploads\/2022\/02\/jarefalkphotorgaphy_bergsga\u030ard_23_202-300x200.jpg"},"large":{"file":"jarefalkphotorgaphy_bergsga\u030ard_23_202-1024x683.jpg","width":1024,"height":683,"mime-type":"image\/jpeg","filesize":91230,"url":"https:\/\/www.bergsgard.se\/wp-content\/uploads\/2022\/02\/jarefalkphotorgaphy_bergsga\u030ard_23_202-1024x683.jpg"},"thumbnail":{"file":"jarefalkphotorgaphy_bergsga\u030ard_23_202-150x150.jpg","width":150,"height":150,"mime-type":"image\/jpeg","filesize":33859,"url":"https:\/\/www.bergsgard.se\/wp-content\/uploads\/2022\/02\/jarefalkphotorgaphy_bergsga\u030ard_23_202-150x150.jpg"},"medium_large":{"file":"jarefalkphotorgaphy_bergsga\u030ard_23_202-768x512.jpg","width":768,"height":512,"mime-type":"image\/jpeg","filesize":67490,"url":"https:\/\/www.bergsgard.se\/wp-content\/uploads\/2022\/02\/jarefalkphotorgaphy_bergsga\u030ard_23_202-768x512.jpg"},"1536x1536":{"file":"jarefalkphotorgaphy_bergsga\u030ard_23_202-1536x1024.jpg","width":1536,"height":1024,"mime-type":"image\/jpeg","filesize":153210,"url":"https:\/\/www.bergsgard.se\/wp-content\/uploads\/2022\/02\/jarefalkphotorgaphy_bergsga\u030ard_23_202-1536x1024.jpg"}},"image_meta":{"aperture":"11","credit":"Maria Hofmann Jarefalk","camera":"Canon EOS 5D Mark IV","caption":"Maria Hofman Jarefalk Jarefalkphotography\r2023 Trosa Inredningsfotograf Inredningsfoto Husfoto Fotograf Bergs G\u00e5rd Trosa S\u00f6dermanland Stugor \u00d6vernattning Turism S\u00f6rmlandsleden","created_timestamp":"1680181979","copyright":"F\u00e5r anv\u00e4ndas av Bergs G\u00e5rd till hemsida och sociala medier enligt \u00f6verenskommelse","focal_length":"35","iso":"100","shutter_speed":"2","title":"Maria Jarefalk Jarefalkphotography","orientation":"1","keywords":["Maria Hofman Jarefalk Jarefalkphotography","2023 Trosa Inredningsfotograf Inredningsfoto Husfoto Fotograf Be"]},"ID":"5885","name":"jarefalkphotorgaphy_bergsga\u030ard_23_202.jpg","path":"\/home\/bergsgard\/public_html\/wp-content\/uploads\/2022\/02\/jarefalkphotorgaphy_bergsga\u030ard_23_202.jpg","url":"https:\/\/www.bergsgard.se\/wp-content\/uploads\/2022\/02\/jarefalkphotorgaphy_bergsga\u030ard_23_202-150x150.jpg","full_url":"https:\/\/www.bergsgard.se\/wp-content\/uploads\/2022\/02\/jarefalkphotorgaphy_bergsga\u030ard_23_202.jpg","title":"Maria Jarefalk Jarefalkphotography","caption":"Maria Hofman Jarefalk Jarefalkphotography\r2023 Trosa Inredningsfotograf Inredningsfoto Husfoto Fotograf Bergs G\u00e5rd Trosa S\u00f6dermanland Stugor \u00d6vernattning Turism S\u00f6rmlandsleden","description":"","alt":"","srcset":false},{"width":150,"height":150,"file":"2022\/02\/jarefalkphotorgaphy_bergsga\u030ard_23_206-scaled.jpg","filesize":244495,"sizes":{"medium":{"file":"jarefalkphotorgaphy_bergsga\u030ard_23_206-200x300.jpg","width":200,"height":300,"mime-type":"image\/jpeg","filesize":37456,"url":"https:\/\/www.bergsgard.se\/wp-content\/uploads\/2022\/02\/jarefalkphotorgaphy_bergsga\u030ard_23_206-200x300.jpg"},"large":{"file":"jarefalkphotorgaphy_bergsga\u030ard_23_206-682x1024.jpg","width":682,"height":1024,"mime-type":"image\/jpeg","filesize":79574,"url":"https:\/\/www.bergsgard.se\/wp-content\/uploads\/2022\/02\/jarefalkphotorgaphy_bergsga\u030ard_23_206-682x1024.jpg"},"thumbnail":{"file":"jarefalkphotorgaphy_bergsga\u030ard_23_206-150x150.jpg","width":150,"height":150,"mime-type":"image\/jpeg","filesize":33271,"url":"https:\/\/www.bergsgard.se\/wp-content\/uploads\/2022\/02\/jarefalkphotorgaphy_bergsga\u030ard_23_206-150x150.jpg"},"medium_large":{"file":"jarefalkphotorgaphy_bergsga\u030ard_23_206-768x1152.jpg","width":768,"height":1152,"mime-type":"image\/jpeg","filesize":89213,"url":"https:\/\/www.bergsgard.se\/wp-content\/uploads\/2022\/02\/jarefalkphotorgaphy_bergsga\u030ard_23_206-768x1152.jpg"},"1536x1536":{"file":"jarefalkphotorgaphy_bergsga\u030ard_23_206-1024x1536.jpg","width":1024,"height":1536,"mime-type":"image\/jpeg","filesize":124450,"url":"https:\/\/www.bergsgard.se\/wp-content\/uploads\/2022\/02\/jarefalkphotorgaphy_bergsga\u030ard_23_206-1024x1536.jpg"},"2048x2048":{"file":"jarefalkphotorgaphy_bergsga\u030ard_23_206-1365x2048.jpg","width":1365,"height":2048,"mime-type":"image\/jpeg","filesize":180697,"url":"https:\/\/www.bergsgard.se\/wp-content\/uploads\/2022\/02\/jarefalkphotorgaphy_bergsga\u030ard_23_206-1365x2048.jpg"}},"image_meta":{"aperture":"11","credit":"Maria Hofmann Jarefalk","camera":"Canon EOS 5D Mark IV","caption":"Maria Hofman Jarefalk Jarefalkphotography\r2023 Trosa Inredningsfotograf Inredningsfoto Husfoto Fotograf Bergs G\u00e5rd Trosa S\u00f6dermanland Stugor \u00d6vernattning Turism S\u00f6rmlandsleden","created_timestamp":"1680182282","copyright":"F\u00e5r anv\u00e4ndas av Bergs G\u00e5rd till hemsida och sociala medier enligt \u00f6verenskommelse","focal_length":"35","iso":"100","shutter_speed":"0.5","title":"Maria Jarefalk Jarefalkphotography","orientation":"1","keywords":["Maria Hofman Jarefalk Jarefalkphotography","2023 Trosa Inredningsfotograf Inredningsfoto Husfoto Fotograf Be"]},"original_image":"jarefalkphotorgaphy_bergsga\u030ard_23_206.jpg","ID":"5886","name":"jarefalkphotorgaphy_bergsga\u030ard_23_206-scaled.jpg","path":"\/home\/bergsgard\/public_html\/wp-content\/uploads\/2022\/02\/jarefalkphotorgaphy_bergsga\u030ard_23_206-scaled.jpg","url":"https:\/\/www.bergsgard.se\/wp-content\/uploads\/2022\/02\/jarefalkphotorgaphy_bergsga\u030ard_23_206-150x150.jpg","full_url":"https:\/\/www.bergsgard.se\/wp-content\/uploads\/2022\/02\/jarefalkphotorgaphy_bergsga\u030ard_23_206-scaled.jpg","title":"Maria Jarefalk Jarefalkphotography","caption":"Maria Hofman Jarefalk Jarefalkphotography\r2023 Trosa Inredningsfotograf Inredningsfoto Husfoto Fotograf Bergs G\u00e5rd Trosa S\u00f6dermanland Stugor \u00d6vernattning Turism S\u00f6rmlandsleden","description":"","alt":"","srcset":false},{"width":150,"height":150,"file":"2022\/02\/jarefalkphotorgaphy_bergsga\u030ard_23_207-scaled.jpg","filesize":293699,"sizes":{"medium":{"file":"jarefalkphotorgaphy_bergsga\u030ard_23_207-200x300.jpg","width":200,"height":300,"mime-type":"image\/jpeg","filesize":37481,"url":"https:\/\/www.bergsgard.se\/wp-content\/uploads\/2022\/02\/jarefalkphotorgaphy_bergsga\u030ard_23_207-200x300.jpg"},"large":{"file":"jarefalkphotorgaphy_bergsga\u030ard_23_207-683x1024.jpg","width":683,"height":1024,"mime-type":"image\/jpeg","filesize":89684,"url":"https:\/\/www.bergsgard.se\/wp-content\/uploads\/2022\/02\/jarefalkphotorgaphy_bergsga\u030ard_23_207-683x1024.jpg"},"thumbnail":{"file":"jarefalkphotorgaphy_bergsga\u030ard_23_207-150x150.jpg","width":150,"height":150,"mime-type":"image\/jpeg","filesize":33059,"url":"https:\/\/www.bergsgard.se\/wp-content\/uploads\/2022\/02\/jarefalkphotorgaphy_bergsga\u030ard_23_207-150x150.jpg"},"medium_large":{"file":"jarefalkphotorgaphy_bergsga\u030ard_23_207-768x1152.jpg","width":768,"height":1152,"mime-type":"image\/jpeg","filesize":101692,"url":"https:\/\/www.bergsgard.se\/wp-content\/uploads\/2022\/02\/jarefalkphotorgaphy_bergsga\u030ard_23_207-768x1152.jpg"},"1536x1536":{"file":"jarefalkphotorgaphy_bergsga\u030ard_23_207-1024x1536.jpg","width":1024,"height":1536,"mime-type":"image\/jpeg","filesize":142536,"url":"https:\/\/www.bergsgard.se\/wp-content\/uploads\/2022\/02\/jarefalkphotorgaphy_bergsga\u030ard_23_207-1024x1536.jpg"},"2048x2048":{"file":"jarefalkphotorgaphy_bergsga\u030ard_23_207-1365x2048.jpg","width":1365,"height":2048,"mime-type":"image\/jpeg","filesize":214292,"url":"https:\/\/www.bergsgard.se\/wp-content\/uploads\/2022\/02\/jarefalkphotorgaphy_bergsga\u030ard_23_207-1365x2048.jpg"}},"image_meta":{"aperture":"11","credit":"Maria Hofmann Jarefalk","camera":"Canon EOS 5D Mark IV","caption":"Maria Hofman Jarefalk Jarefalkphotography\r2023 Trosa Inredningsfotograf Inredningsfoto Husfoto Fotograf Bergs G\u00e5rd Trosa S\u00f6dermanland Stugor \u00d6vernattning Turism S\u00f6rmlandsleden","created_timestamp":"1680182361","copyright":"F\u00e5r anv\u00e4ndas av Bergs G\u00e5rd till hemsida och sociala medier enligt \u00f6verenskommelse","focal_length":"35","iso":"100","shutter_speed":"0.5","title":"Maria Jarefalk Jarefalkphotography","orientation":"1","keywords":["Maria Hofman Jarefalk Jarefalkphotography","2023 Trosa Inredningsfotograf Inredningsfoto Husfoto Fotograf Be"]},"original_image":"jarefalkphotorgaphy_bergsga\u030ard_23_207.jpg","ID":"5887","name":"jarefalkphotorgaphy_bergsga\u030ard_23_207-scaled.jpg","path":"\/home\/bergsgard\/public_html\/wp-content\/uploads\/2022\/02\/jarefalkphotorgaphy_bergsga\u030ard_23_207-scaled.jpg","url":"https:\/\/www.bergsgard.se\/wp-content\/uploads\/2022\/02\/jarefalkphotorgaphy_bergsga\u030ard_23_207-150x150.jpg","full_url":"https:\/\/www.bergsgard.se\/wp-content\/uploads\/2022\/02\/jarefalkphotorgaphy_bergsga\u030ard_23_207-scaled.jpg","title":"Maria Jarefalk Jarefalkphotography","caption":"Maria Hofman Jarefalk Jarefalkphotography\r2023 Trosa Inredningsfotograf Inredningsfoto Husfoto Fotograf Bergs G\u00e5rd Trosa S\u00f6dermanland Stugor \u00d6vernattning Turism S\u00f6rmlandsleden","description":"","alt":"","srcset":false},{"width":150,"height":150,"file":"2022\/02\/jarefalkphotography_bergsga\u030ard_2023_015.jpg","filesize":815373,"sizes":{"medium":{"file":"jarefalkphotography_bergsga\u030ard_2023_015-300x200.jpg","width":300,"height":200,"mime-type":"image\/jpeg","filesize":93941,"url":"https:\/\/www.bergsgard.se\/wp-content\/uploads\/2022\/02\/jarefalkphotography_bergsga\u030ard_2023_015-300x200.jpg"},"large":{"file":"jarefalkphotography_bergsga\u030ard_2023_015-1024x683.jpg","width":1024,"height":683,"mime-type":"image\/jpeg","filesize":296856,"url":"https:\/\/www.bergsgard.se\/wp-content\/uploads\/2022\/02\/jarefalkphotography_bergsga\u030ard_2023_015-1024x683.jpg"},"thumbnail":{"file":"jarefalkphotography_bergsga\u030ard_2023_015-150x150.jpg","width":150,"height":150,"mime-type":"image\/jpeg","filesize":79548,"url":"https:\/\/www.bergsgard.se\/wp-content\/uploads\/2022\/02\/jarefalkphotography_bergsga\u030ard_2023_015-150x150.jpg"},"medium_large":{"file":"jarefalkphotography_bergsga\u030ard_2023_015-768x512.jpg","width":768,"height":512,"mime-type":"image\/jpeg","filesize":206294,"url":"https:\/\/www.bergsgard.se\/wp-content\/uploads\/2022\/02\/jarefalkphotography_bergsga\u030ard_2023_015-768x512.jpg"},"1536x1536":{"file":"jarefalkphotography_bergsga\u030ard_2023_015-1536x1024.jpg","width":1536,"height":1024,"mime-type":"image\/jpeg","filesize":517386,"url":"https:\/\/www.bergsgard.se\/wp-content\/uploads\/2022\/02\/jarefalkphotography_bergsga\u030ard_2023_015-1536x1024.jpg"}},"image_meta":{"aperture":"4.5","credit":"Maria Hofmann Jarefalk","camera":"Canon EOS 5D Mark IV","caption":"Maria Hofman Jarefalk Jarefalkphotography\r2023 Trosa Inredningsfotograf Inredningsfoto Husfoto Fotograf  Bergs G\u00e5rd Mountainbike G\u00e5rdsbutik Hyra hus Hus p\u00e5 landet","created_timestamp":"1698147922","copyright":"F\u00e5r anv\u00e4ndas till sociala medier och hemsida av Bergs G\u00e5rd enligt \u00f6verenskommelse","focal_length":"35","iso":"100","shutter_speed":"0.0125","title":"Maria Jarefalk Jarefalkphotography","orientation":"1","keywords":["Maria Hofman Jarefalk Jarefalkphotography","2023 Trosa Inredningsfotograf Inredningsfoto Husfoto Fotograf","Bergs G\u00e5rd Mountainbike G\u00e5rdsbutik Hyra hus Hus p\u00e5 landet"]},"ID":"8886","name":"jarefalkphotography_bergsga\u030ard_2023_015.jpg","path":"\/home\/bergsgard\/public_html\/wp-content\/uploads\/2022\/02\/jarefalkphotography_bergsga\u030ard_2023_015.jpg","url":"https:\/\/www.bergsgard.se\/wp-content\/uploads\/2022\/02\/jarefalkphotography_bergsga\u030ard_2023_015-150x150.jpg","full_url":"https:\/\/www.bergsgard.se\/wp-content\/uploads\/2022\/02\/jarefalkphotography_bergsga\u030ard_2023_015.jpg","title":"Maria Jarefalk Jarefalkphotography","caption":"Maria Hofman Jarefalk Jarefalkphotography\n2023 Trosa Inredningsfotograf Inredningsfoto Husfoto Fotograf  Bergs G\u00e5rd Mountainbike G\u00e5rdsbutik Hyra hus Hus p\u00e5 landet","description":"","alt":"Fiskarens hus uteplats","srcset":false},{"width":150,"height":150,"file":"2022\/02\/jarefalkphotography_bergsga\u030ard_utomhus_135.jpg","filesize":1044502,"sizes":{"medium":{"file":"jarefalkphotography_bergsga\u030ard_utomhus_135-300x200.jpg","width":300,"height":200,"mime-type":"image\/jpeg","filesize":71847,"url":"https:\/\/www.bergsgard.se\/wp-content\/uploads\/2022\/02\/jarefalkphotography_bergsga\u030ard_utomhus_135-300x200.jpg"},"large":{"file":"jarefalkphotography_bergsga\u030ard_utomhus_135-1024x683.jpg","width":1024,"height":683,"mime-type":"image\/jpeg","filesize":320849,"url":"https:\/\/www.bergsgard.se\/wp-content\/uploads\/2022\/02\/jarefalkphotography_bergsga\u030ard_utomhus_135-1024x683.jpg"},"thumbnail":{"file":"jarefalkphotography_bergsga\u030ard_utomhus_135-150x150.jpg","width":150,"height":150,"mime-type":"image\/jpeg","filesize":55959,"url":"https:\/\/www.bergsgard.se\/wp-content\/uploads\/2022\/02\/jarefalkphotography_bergsga\u030ard_utomhus_135-150x150.jpg"},"medium_large":{"file":"jarefalkphotography_bergsga\u030ard_utomhus_135-768x512.jpg","width":768,"height":512,"mime-type":"image\/jpeg","filesize":206905,"url":"https:\/\/www.bergsgard.se\/wp-content\/uploads\/2022\/02\/jarefalkphotography_bergsga\u030ard_utomhus_135-768x512.jpg"},"1536x1536":{"file":"jarefalkphotography_bergsga\u030ard_utomhus_135-1536x1024.jpg","width":1536,"height":1024,"mime-type":"image\/jpeg","filesize":620538,"url":"https:\/\/www.bergsgard.se\/wp-content\/uploads\/2022\/02\/jarefalkphotography_bergsga\u030ard_utomhus_135-1536x1024.jpg"}},"image_meta":{"aperture":"5.6","credit":"Maria Hofmann Jarefalk","camera":"Canon EOS 5D Mark IV","caption":"Maria Hofman Jarefalk Jarefalkphotography\r2023 Trosa Inredningsfotograf  Fotograf Bergs G\u00e5rd S\u00f6dermanland Trosa G\u00e5rdsbutik","created_timestamp":"1686569715","copyright":"F\u00e5r anv\u00e4ndas av Bergs G\u00e5rd till hemsida och sociala medier enligt \u00f6verenskommelse","focal_length":"50","iso":"100","shutter_speed":"0.00625","title":"Maria Jarefalk Jarefalkphotography","orientation":"1","keywords":["Maria Hofman Jarefalk Jarefalkphotography","2023 Trosa Inredningsfotograf","Fotograf Bergs G\u00e5rd S\u00f6dermanland Trosa G\u00e5rdsbutik"]},"ID":"9710","name":"jarefalkphotography_bergsga\u030ard_utomhus_135.jpg","path":"\/home\/bergsgard\/public_html\/wp-content\/uploads\/2022\/02\/jarefalkphotography_bergsga\u030ard_utomhus_135.jpg","url":"https:\/\/www.bergsgard.se\/wp-content\/uploads\/2022\/02\/jarefalkphotography_bergsga\u030ard_utomhus_135-150x150.jpg","full_url":"https:\/\/www.bergsgard.se\/wp-content\/uploads\/2022\/02\/jarefalkphotography_bergsga\u030ard_utomhus_135.jpg","title":"Maria Jarefalk Jarefalkphotography","caption":"Maria Hofman Jarefalk Jarefalkphotography\n2023 Trosa Inredningsfotograf  Fotograf Bergs G\u00e5rd S\u00f6dermanland Trosa G\u00e5rdsbutik","description":"","alt":"","srcset":false},{"width":150,"height":150,"file":"2022\/02\/jarefalkphotography_bergsga\u030ard_2023_016.jpg","filesize":1086130,"sizes":{"medium":{"file":"jarefalkphotography_bergsga\u030ard_2023_016-300x200.jpg","width":300,"height":200,"mime-type":"image\/jpeg","filesize":91638,"url":"https:\/\/www.bergsgard.se\/wp-content\/uploads\/2022\/02\/jarefalkphotography_bergsga\u030ard_2023_016-300x200.jpg"},"large":{"file":"jarefalkphotography_bergsga\u030ard_2023_016-1024x683.jpg","width":1024,"height":683,"mime-type":"image\/jpeg","filesize":322869,"url":"https:\/\/www.bergsgard.se\/wp-content\/uploads\/2022\/02\/jarefalkphotography_bergsga\u030ard_2023_016-1024x683.jpg"},"thumbnail":{"file":"jarefalkphotography_bergsga\u030ard_2023_016-150x150.jpg","width":150,"height":150,"mime-type":"image\/jpeg","filesize":77564,"url":"https:\/\/www.bergsgard.se\/wp-content\/uploads\/2022\/02\/jarefalkphotography_bergsga\u030ard_2023_016-150x150.jpg"},"medium_large":{"file":"jarefalkphotography_bergsga\u030ard_2023_016-768x512.jpg","width":768,"height":512,"mime-type":"image\/jpeg","filesize":213799,"url":"https:\/\/www.bergsgard.se\/wp-content\/uploads\/2022\/02\/jarefalkphotography_bergsga\u030ard_2023_016-768x512.jpg"},"1536x1536":{"file":"jarefalkphotography_bergsga\u030ard_2023_016-1536x1024.jpg","width":1536,"height":1024,"mime-type":"image\/jpeg","filesize":624431,"url":"https:\/\/www.bergsgard.se\/wp-content\/uploads\/2022\/02\/jarefalkphotography_bergsga\u030ard_2023_016-1536x1024.jpg"}},"image_meta":{"aperture":"3.5","credit":"Maria Hofmann Jarefalk","camera":"Canon EOS 5D Mark IV","caption":"Maria Hofman Jarefalk Jarefalkphotography\r2023 Trosa Inredningsfotograf Inredningsfoto Husfoto Fotograf  Bergs G\u00e5rd Mountainbike G\u00e5rdsbutik Hyra hus Hus p\u00e5 landet","created_timestamp":"1698148237","copyright":"F\u00e5r anv\u00e4ndas till sociala medier och hemsida av Bergs G\u00e5rd enligt \u00f6verenskommelse","focal_length":"35","iso":"100","shutter_speed":"0.02","title":"Maria Jarefalk Jarefalkphotography","orientation":"1","keywords":["Maria Hofman Jarefalk Jarefalkphotography","2023 Trosa Inredningsfotograf Inredningsfoto Husfoto Fotograf","Bergs G\u00e5rd Mountainbike G\u00e5rdsbutik Hyra hus Hus p\u00e5 landet"]},"ID":"8884","name":"jarefalkphotography_bergsga\u030ard_2023_016.jpg","path":"\/home\/bergsgard\/public_html\/wp-content\/uploads\/2022\/02\/jarefalkphotography_bergsga\u030ard_2023_016.jpg","url":"https:\/\/www.bergsgard.se\/wp-content\/uploads\/2022\/02\/jarefalkphotography_bergsga\u030ard_2023_016-150x150.jpg","full_url":"https:\/\/www.bergsgard.se\/wp-content\/uploads\/2022\/02\/jarefalkphotography_bergsga\u030ard_2023_016.jpg","title":"Maria Jarefalk Jarefalkphotography","caption":"Maria Hofman Jarefalk Jarefalkphotography\n2023 Trosa Inredningsfotograf Inredningsfoto Husfoto Fotograf  Bergs G\u00e5rd Mountainbike G\u00e5rdsbutik Hyra hus Hus p\u00e5 landet","description":"","alt":"","srcset":false},{"width":150,"height":150,"file":"2022\/02\/jarefalkphotography_bergsga\u030ard_utomhus_134.jpg","filesize":1454969,"sizes":{"medium":{"file":"jarefalkphotography_bergsga\u030ard_utomhus_134-300x200.jpg","width":300,"height":200,"mime-type":"image\/jpeg","filesize":66767,"url":"https:\/\/www.bergsgard.se\/wp-content\/uploads\/2022\/02\/jarefalkphotography_bergsga\u030ard_utomhus_134-300x200.jpg"},"large":{"file":"jarefalkphotography_bergsga\u030ard_utomhus_134-1024x683.jpg","width":1024,"height":683,"mime-type":"image\/jpeg","filesize":348066,"url":"https:\/\/www.bergsgard.se\/wp-content\/uploads\/2022\/02\/jarefalkphotography_bergsga\u030ard_utomhus_134-1024x683.jpg"},"thumbnail":{"file":"jarefalkphotography_bergsga\u030ard_utomhus_134-150x150.jpg","width":150,"height":150,"mime-type":"image\/jpeg","filesize":51368,"url":"https:\/\/www.bergsgard.se\/wp-content\/uploads\/2022\/02\/jarefalkphotography_bergsga\u030ard_utomhus_134-150x150.jpg"},"medium_large":{"file":"jarefalkphotography_bergsga\u030ard_utomhus_134-768x512.jpg","width":768,"height":512,"mime-type":"image\/jpeg","filesize":210079,"url":"https:\/\/www.bergsgard.se\/wp-content\/uploads\/2022\/02\/jarefalkphotography_bergsga\u030ard_utomhus_134-768x512.jpg"},"1536x1536":{"file":"jarefalkphotography_bergsga\u030ard_utomhus_134-1536x1024.jpg","width":1536,"height":1024,"mime-type":"image\/jpeg","filesize":760614,"url":"https:\/\/www.bergsgard.se\/wp-content\/uploads\/2022\/02\/jarefalkphotography_bergsga\u030ard_utomhus_134-1536x1024.jpg"}},"image_meta":{"aperture":"5.6","credit":"Maria Hofmann Jarefalk","camera":"Canon EOS 5D Mark IV","caption":"Maria Hofman Jarefalk Jarefalkphotography\r2023 Trosa Inredningsfotograf  Fotograf Bergs G\u00e5rd S\u00f6dermanland Trosa G\u00e5rdsbutik","created_timestamp":"1686569624","copyright":"F\u00e5r anv\u00e4ndas av Bergs G\u00e5rd till hemsida och sociala medier enligt \u00f6verenskommelse","focal_length":"35","iso":"100","shutter_speed":"0.008","title":"Maria Jarefalk Jarefalkphotography","orientation":"1","keywords":["Maria Hofman Jarefalk Jarefalkphotography","2023 Trosa Inredningsfotograf","Fotograf Bergs G\u00e5rd S\u00f6dermanland Trosa G\u00e5rdsbutik"]},"ID":"9709","name":"jarefalkphotography_bergsga\u030ard_utomhus_134.jpg","path":"\/home\/bergsgard\/public_html\/wp-content\/uploads\/2022\/02\/jarefalkphotography_bergsga\u030ard_utomhus_134.jpg","url":"https:\/\/www.bergsgard.se\/wp-content\/uploads\/2022\/02\/jarefalkphotography_bergsga\u030ard_utomhus_134-150x150.jpg","full_url":"https:\/\/www.bergsgard.se\/wp-content\/uploads\/2022\/02\/jarefalkphotography_bergsga\u030ard_utomhus_134.jpg","title":"Maria Jarefalk Jarefalkphotography","caption":"Maria Hofman Jarefalk Jarefalkphotography\n2023 Trosa Inredningsfotograf  Fotograf Bergs G\u00e5rd S\u00f6dermanland Trosa G\u00e5rdsbutik","description":"","alt":"","srcset":false},{"width":150,"height":150,"file":"2022\/02\/jarefalkphotography_bergsga\u030ard_2023_011-e1700642405106.jpg","filesize":1375783,"sizes":{"medium":{"file":"jarefalkphotography_bergsga\u030ard_2023_011-e1700642405106-300x141.jpg","width":300,"height":141,"mime-type":"image\/jpeg","filesize":60973,"url":"https:\/\/www.bergsgard.se\/wp-content\/uploads\/2022\/02\/jarefalkphotography_bergsga\u030ard_2023_011-e1700642405106-300x141.jpg"},"large":{"file":"jarefalkphotography_bergsga\u030ard_2023_011-e1700642405106-1024x481.jpg","width":1024,"height":481,"mime-type":"image\/jpeg","filesize":270505,"url":"https:\/\/www.bergsgard.se\/wp-content\/uploads\/2022\/02\/jarefalkphotography_bergsga\u030ard_2023_011-e1700642405106-1024x481.jpg"},"thumbnail":{"file":"jarefalkphotography_bergsga\u030ard_2023_011-e1700642405106-150x150.jpg","width":150,"height":150,"mime-type":"image\/jpeg","filesize":51738,"url":"https:\/\/www.bergsgard.se\/wp-content\/uploads\/2022\/02\/jarefalkphotography_bergsga\u030ard_2023_011-e1700642405106-150x150.jpg"},"medium_large":{"file":"jarefalkphotography_bergsga\u030ard_2023_011-e1700642405106-768x361.jpg","width":768,"height":361,"mime-type":"image\/jpeg","filesize":171903,"url":"https:\/\/www.bergsgard.se\/wp-content\/uploads\/2022\/02\/jarefalkphotography_bergsga\u030ard_2023_011-e1700642405106-768x361.jpg"},"1536x1536":{"file":"jarefalkphotography_bergsga\u030ard_2023_011-e1700642405106-1536x722.jpg","width":1536,"height":722,"mime-type":"image\/jpeg","filesize":563802,"url":"https:\/\/www.bergsgard.se\/wp-content\/uploads\/2022\/02\/jarefalkphotography_bergsga\u030ard_2023_011-e1700642405106-1536x722.jpg"}},"image_meta":{"aperture":"3.5","credit":"Maria Hofmann Jarefalk","camera":"Canon EOS 5D Mark IV","caption":"Maria Hofman Jarefalk Jarefalkphotography\r2023 Trosa Inredningsfotograf Inredningsfoto Husfoto Fotograf  Bergs G\u00e5rd Mountainbike G\u00e5rdsbutik Hyra hus Hus p\u00e5 landet","created_timestamp":"1698145558","copyright":"F\u00e5r anv\u00e4ndas till sociala medier och hemsida av Bergs G\u00e5rd enligt \u00f6verenskommelse","focal_length":"50","iso":"100","shutter_speed":"0.016666666666667","title":"Maria Jarefalk Jarefalkphotography","orientation":"1","keywords":["Maria Hofman Jarefalk Jarefalkphotography","2023 Trosa Inredningsfotograf Inredningsfoto Husfoto Fotograf","Bergs G\u00e5rd Mountainbike G\u00e5rdsbutik Hyra hus Hus p\u00e5 landet"]},"ID":"8885","name":"jarefalkphotography_bergsga\u030ard_2023_011-e1700642405106.jpg","path":"\/home\/bergsgard\/public_html\/wp-content\/uploads\/2022\/02\/jarefalkphotography_bergsga\u030ard_2023_011-e1700642405106.jpg","url":"https:\/\/www.bergsgard.se\/wp-content\/uploads\/2022\/02\/jarefalkphotography_bergsga\u030ard_2023_011-e1700642405106-150x150.jpg","full_url":"https:\/\/www.bergsgard.se\/wp-content\/uploads\/2022\/02\/jarefalkphotography_bergsga\u030ard_2023_011-e1700642405106.jpg","title":"Maria Jarefalk Jarefalkphotography","caption":"Maria Hofman Jarefalk Jarefalkphotography\n2023 Trosa Inredningsfotograf Inredningsfoto Husfoto Fotograf  Bergs G\u00e5rd Mountainbike G\u00e5rdsbutik Hyra hus Hus p\u00e5 landet","description":"","alt":"","srcset":false}],"wysiwyg_9k6n60fv3g7":""},"_links":{"self":[{"href":"https:\/\/www.bergsgard.se\/en\/wp-json\/wp\/v2\/stuga\/14188","targetHints":{"allow":["GET"]}}],"collection":[{"href":"https:\/\/www.bergsgard.se\/en\/wp-json\/wp\/v2\/stuga"}],"about":[{"href":"https:\/\/www.bergsgard.se\/en\/wp-json\/wp\/v2\/types\/stuga"}],"wp:featuredmedia":[{"embeddable":true,"href":"https:\/\/www.bergsgard.se\/en\/wp-json\/wp\/v2\/media\/11244"}],"wp:attachment":[{"href":"https:\/\/www.bergsgard.se\/en\/wp-json\/wp\/v2\/media?parent=14188"}],"wp:term":[{"taxonomy":"kategori","embeddable":true,"href":"https:\/\/www.bergsgard.se\/en\/wp-json\/wp\/v2\/kategori?post=14188"}],"curies":[{"name":"wp","href":"https:\/\/api.w.org\/{rel}","templated":true}]}}